{"id":47,"date":"2014-09-04T22:45:33","date_gmt":"2014-09-04T21:45:33","guid":{"rendered":"https:\/\/pes-ain.fr\/reyrieux\/?page_id=47"},"modified":"2017-10-21T14:00:43","modified_gmt":"2017-10-21T12:00:43","slug":"osteopathe-reyrieux","status":"publish","type":"page","link":"https:\/\/pes-ain.fr\/reyrieux\/osteopathe-reyrieux\/","title":{"rendered":"Ost\u00e9opathe Reyrieux"},"content":{"rendered":"<div class=\"fusion-fullwidth fullwidth-box fusion-builder-row-1 hundred-percent-fullwidth non-hundred-percent-height-scrolling\" style=\"--awb-border-radius-top-left:0px;--awb-border-radius-top-right:0px;--awb-border-radius-bottom-right:0px;--awb-border-radius-bottom-left:0px;--awb-overflow:visible;\" ><div class=\"fusion-builder-row fusion-row\"><div class=\"fusion-layout-column fusion_builder_column fusion-builder-column-0 fusion_builder_column_1_1 1_1 fusion-one-full fusion-column-first fusion-column-last fusion-column-no-min-height\" style=\"--awb-bg-size:cover;--awb-margin-top:0px;--awb-margin-bottom:0px;\"><div class=\"fusion-column-wrapper fusion-flex-column-wrapper-legacy\"><div class=\"fusion-title title fusion-title-1 fusion-title-center fusion-title-text fusion-title-size-one\"><div class=\"title-sep-container title-sep-container-left\"><div class=\"title-sep sep-double sep-solid\" style=\"border-color:#e0dede;\"><\/div><\/div><span class=\"awb-title-spacer\"><\/span><h1 class=\"title-heading-center fusion-responsive-typography-calculated\" style=\"margin:0;--fontSize:34;line-height:1.41;\">Ost\u00e9opathe Reyrieux<\/h1><span class=\"awb-title-spacer\"><\/span><div class=\"title-sep-container title-sep-container-right\"><div class=\"title-sep sep-double sep-solid\" style=\"border-color:#e0dede;\"><\/div><\/div><\/div><div class=\"fusion-person person fusion-person-left fusion-person-1 fusion-person-icon-top\" style=\"--awb-pic-style-color:#000000;--awb-pic-borderradius:0px;--awb-margin-top:0px;--awb-margin-right:0px;--awb-margin-bottom:0px;--awb-margin-left:0px;--awb-social-box-border-top:0px;--awb-social-box-border-right:0px;--awb-social-box-border-bottom:0px;--awb-social-box-border-left:0px;--awb-social-box-border-color:var(--awb-color3);--awb-social-box-colors-hover:rgba(232,232,232,0.8);--awb-social-box-border-color-hover:var(--awb-color4);--awb-social-icon-colors-hover:rgba(130,201,240,0.8);\"><div class=\"person-desc\"><div class=\"person-author\"><div class=\"person-author-wrapper\"><span class=\"person-name\">Nicolas Guilland<\/span><span class=\"person-title\">Ost\u00e9opathe D.O.<\/span><\/div><div class=\"fusion-social-networks\"><div class=\"fusion-social-networks-wrapper\"><a class=\"fusion-social-network-icon fusion-tooltip fusion-facebook awb-icon-facebook custom\" aria-label=\"fusion-facebook\" href=\"https:\/\/www.facebook.com\/pes.reyrieux\" target=\"_blank\" rel=\"noopener noreferrer\" style=\"color:#82c9f0;font-size:16px;\" data-placement=\"top\" data-title=\"Facebook\" title=\"Facebook\" data-toggle=\"tooltip\"><\/a><\/div><\/div><\/div><div class=\"person-content fusion-clearfix\"><\/div><\/div><\/div><div class=\"fusion-text fusion-text-1\"><p style=\"text-align: justify;\">Nicolas Guilland a\u00a0fait sa\u00a0formation en 5 ans \u00e0 <a href=\"https:\/\/isosteo.fr\" target=\"_blank\" rel=\"noopener\">ISOst\u00e9o Lyon<\/a> (\u00e9cole agr\u00e9e par le minist\u00e8re de le sant\u00e9). Il est ost\u00e9opathe exclusif, c\u2019est-\u00e0-dire qu&rsquo;il pratique\u00a0uniquement l\u2019ost\u00e9opathie. Sa\u00a0formation lui\u00a0donne est reconnue de niveau 1 au\u00a0RNCP (R\u00e9pertoire national des certifications professionnelles) soit le plus haut niveau de reconnaissance professionnel europ\u00e9en.<\/p>\n<p style=\"text-align: justify;\">Au cours de sa\u00a0formation il a\u00a0pu se former \u00e0 un grand nombre de techniques\u00a0: articulaires, visc\u00e9rales, fasciales, musculaires encore cr\u00e2niennes qui lui\u00a0permettent de s\u2019adapter \u00e0 chaque patient.<\/p>\n<p style=\"text-align: justify;\">L\u2019\u00e9cole poss\u00e8de deux cliniques ost\u00e9opathiques dans lesquelles il a\u00a0pu faire son\u00a0apprentissage aupr\u00e8s\u00a0de nourrissons, femmes enceintes, enfants, adultes, sportifs ou encore\u00a0seniors. Sa\u00a0formation pratique s\u2019est \u00e9galement faite\u00a0lors de\u00a0plusieurs stages sportifs, de comp\u00e9titions ou dans\u00a0des structures sp\u00e9cialis\u00e9es dans l\u2019accueil de personnes handicap\u00e9es mental ou physique.<\/p>\n<p style=\"text-align: justify;\">Il\u00a0s\u2019occupe depuis 2009 de l\u2019\u00e9quipe 1\u00a0du FC bord de Sa\u00f4ne, et plus r\u00e9cemment, depuis 2013 des joueurs de AS Mis\u00e9rieux-Tr\u00e9voux.<\/p>\n<p style=\"text-align: justify;\">Il\u00a0travaille \u00e9galement dans des entreprises afin d\u2019effectuer un suivi\u00a0pr\u00e9ventif des\u00a0troubles musculo-squelettiques tout en am\u00e9liorant\u00a0la qualit\u00e9 de travail\u00a0des employ\u00e9s.<\/p>\n<p style=\"text-align: justify;\">\n<\/div><div class=\"fusion-title title fusion-title-2 fusion-sep-none fusion-title-text fusion-title-size-two\"><h2 class=\"title-heading-left fusion-responsive-typography-calculated\" style=\"margin:0;--fontSize:28;line-height:1.5;\"><p>Etablissement de formation\u00a0:<\/p>\n<p style=\"text-align: justify;\"><\/h2><\/div><div class=\"fusion-text fusion-text-2\"><p style=\"text-align: justify;\"><img decoding=\"async\" class=\"alignleft  wp-image-112\" src=\"https:\/\/pes-ain.fr\/reyrieux\/wp-content\/uploads\/sites\/2\/2014\/09\/Isosteo-1024x860.png\" alt=\"\" width=\"246\" height=\"207\" srcset=\"https:\/\/pes-ain.fr\/reyrieux\/wp-content\/uploads\/sites\/2\/2014\/09\/Isosteo-200x168.png 200w, https:\/\/pes-ain.fr\/reyrieux\/wp-content\/uploads\/sites\/2\/2014\/09\/Isosteo-300x252.png 300w, https:\/\/pes-ain.fr\/reyrieux\/wp-content\/uploads\/sites\/2\/2014\/09\/Isosteo-400x336.png 400w, https:\/\/pes-ain.fr\/reyrieux\/wp-content\/uploads\/sites\/2\/2014\/09\/Isosteo-600x504.png 600w, https:\/\/pes-ain.fr\/reyrieux\/wp-content\/uploads\/sites\/2\/2014\/09\/Isosteo-768x645.png 768w, https:\/\/pes-ain.fr\/reyrieux\/wp-content\/uploads\/sites\/2\/2014\/09\/Isosteo-800x672.png 800w, https:\/\/pes-ain.fr\/reyrieux\/wp-content\/uploads\/sites\/2\/2014\/09\/Isosteo-1024x860.png 1024w, https:\/\/pes-ain.fr\/reyrieux\/wp-content\/uploads\/sites\/2\/2014\/09\/Isosteo-1200x1008.png 1200w, https:\/\/pes-ain.fr\/reyrieux\/wp-content\/uploads\/sites\/2\/2014\/09\/Isosteo.png 1476w\" sizes=\"(max-width: 246px) 100vw, 246px\" \/>Fond\u00e9 en\u00a01991, l\u2019Institut Sup\u00e9rieur d\u2019Ost\u00e9opathie de Lyon-Limonest a particip\u00e9 activement \u00e0 la cr\u00e9ation du 1er enseignement de l\u2019ost\u00e9opathie en formation initiale post-bac. En\u00a02007, ISO Lyon a fait partie de la 1\u00e8re liste d\u2019\u00e9coles agr\u00e9\u00e9es par le Minist\u00e8re de la Sant\u00e9 pour d\u00e9livrer le Dipl\u00f4me d\u2019Ost\u00e9opathe (D.O. En\u00a02010,\u00a0ISO Lyon devient ISOst\u00e9o Lyon.\u00a0Symbole d\u2019une nouvelle dynamique, le nom\u00a0ISOst\u00e9o\u00a0met en avant le\u00a0m\u00e9tier d\u2019ost\u00e9opathe\u00a0et repr\u00e9sente la volont\u00e9 non seulement de s\u2019adapter aux \u00e9volutions du monde de l\u2019ost\u00e9opathie, mais encore de contribuer \u00e0 leur anticipation, \u00e0 travers un enseignement ax\u00e9 sur la professionnalisation. Depuis\u00a02011\u00a0le Dipl\u00f4me d\u2019Ost\u00e9opathe (D.O) d\u00e9livr\u00e9 par ISOst\u00e9o Lyon est certifi\u00e9\u00a0<a href=\"https:\/\/www.rncp.cncp.gouv.fr\/grand-public\/visualisationFiche?format=fr&amp;fiche=11938\">RNCP (R\u00e9pertoire national des certifications professionnelles)\u00a0Niveau I Grade de Master (Bac+5)<\/a>\u00a0: ISOst\u00e9o Lyon fait partie des 11 \u00e9coles fran\u00e7aises habilit\u00e9es de Niveau I par le Minist\u00e8re du Travail. ISOst\u00e9o Lyon fait \u00e9galement partie du\u00a0<a href=\"https:\/\/www.sneso.fr\/\">SNESO<\/a>\u00a0(Syndicat National de l\u2019Enseignement Sup\u00e9rieur en Ost\u00e9opathie)\u00a0seul syndicat fran\u00e7ais regroupant 6 \u00e9coles imposant un minimum de 5 ann\u00e9es d\u2019\u00e9tudes et agr\u00e9\u00e9es par le Minist\u00e8re de la Sant\u00e9 le\u00a0<a href=\"https:\/\/www.legifrance.gouv.fr\/affichTexte.do?cidTexte=JORFTEXT000000274302&amp;dateTexte=&amp;categorieLien=id\">17 Ao\u00fbt 2007<\/a>. Ces \u00e9coles sont \u00e0 l\u2019origine du R\u00e9f\u00e9rentiel de Formation en Ost\u00e9opathie\u00a0\u00ab\u00a0Devenir Ost\u00e9opathe, Agir avec comp\u00e9tence\u00a0\u00bb\u00a0prouvant\u00a0un gage de savoir-faire et de savoir-former des praticiens en ost\u00e9opathie de grande comp\u00e9tence et de grande s\u00e9curit\u00e9 pour les patients.<\/p>\n<p style=\"text-align: justify;\">\n<\/div><div class=\"fusion-clearfix\"><\/div><\/div><\/div><\/div><\/div>\n","protected":false},"excerpt":{"rendered":"","protected":false},"author":1,"featured_media":0,"parent":0,"menu_order":0,"comment_status":"open","ping_status":"open","template":"","meta":[],"yoast_head":"<!-- This site is optimized with the Yoast SEO plugin v21.1 - https:\/\/yoast.com\/wordpress\/plugins\/seo\/ -->\n<title>Ost\u00e9opathe Reyrieux - P\u00f4le Equilibre&amp;Sant\u00e9 de l&#039;Ain | Reyrieux<\/title>\n<meta name=\"description\" content=\"Ost\u00e9opathe Reyrieux : Nicolas Guilland vous accueille dans son cabinet \u00e0 Reyrieux dans l&#039;Ain (01). Il est membre du r\u00e9seau P\u00f4le Equilibre&amp;Sant\u00e9, gage de qualit\u00e9.\" \/>\n<meta name=\"robots\" content=\"index, follow, max-snippet:-1, max-image-preview:large, max-video-preview:-1\" \/>\n<link rel=\"canonical\" href=\"https:\/\/pes-ain.fr\/reyrieux\/osteopathe-reyrieux\/\" \/>\n<meta property=\"og:locale\" content=\"fr_FR\" \/>\n<meta property=\"og:type\" content=\"article\" \/>\n<meta property=\"og:title\" content=\"Ost\u00e9opathe Reyrieux - P\u00f4le Equilibre&amp;Sant\u00e9 de l&#039;Ain | Reyrieux\" \/>\n<meta property=\"og:description\" content=\"Ost\u00e9opathe Reyrieux : Nicolas Guilland vous accueille dans son cabinet \u00e0 Reyrieux dans l&#039;Ain (01). Il est membre du r\u00e9seau P\u00f4le Equilibre&amp;Sant\u00e9, gage de qualit\u00e9.\" \/>\n<meta property=\"og:url\" content=\"https:\/\/pes-ain.fr\/reyrieux\/osteopathe-reyrieux\/\" \/>\n<meta property=\"og:site_name\" content=\"P\u00f4le Equilibre&amp;Sant\u00e9 de Reyrieux\" \/>\n<meta property=\"article:modified_time\" content=\"2017-10-21T12:00:43+00:00\" \/>\n<meta property=\"og:image\" content=\"https:\/\/pes-ain.fr\/reyrieux\/wp-content\/uploads\/sites\/2\/2014\/09\/Isosteo-1024x860.png\" \/>\n<meta name=\"twitter:card\" content=\"summary_large_image\" \/>\n<meta name=\"twitter:label1\" content=\"Dur\u00e9e de lecture estim\u00e9e\" \/>\n\t<meta name=\"twitter:data1\" content=\"4 minutes\" \/>\n<script type=\"application\/ld+json\" class=\"yoast-schema-graph\">{\"@context\":\"https:\/\/schema.org\",\"@graph\":[{\"@type\":\"WebPage\",\"@id\":\"https:\/\/pes-ain.fr\/reyrieux\/osteopathe-reyrieux\/\",\"url\":\"https:\/\/pes-ain.fr\/reyrieux\/osteopathe-reyrieux\/\",\"name\":\"Ost\u00e9opathe Reyrieux - P\u00f4le Equilibre&Sant\u00e9 de l'Ain | Reyrieux\",\"isPartOf\":{\"@id\":\"https:\/\/pes-ain.fr\/reyrieux\/#website\"},\"datePublished\":\"2014-09-04T21:45:33+00:00\",\"dateModified\":\"2017-10-21T12:00:43+00:00\",\"description\":\"Ost\u00e9opathe Reyrieux : Nicolas Guilland vous accueille dans son cabinet \u00e0 Reyrieux dans l'Ain (01). Il est membre du r\u00e9seau P\u00f4le Equilibre&Sant\u00e9, gage de qualit\u00e9.\",\"breadcrumb\":{\"@id\":\"https:\/\/pes-ain.fr\/reyrieux\/osteopathe-reyrieux\/#breadcrumb\"},\"inLanguage\":\"fr-FR\",\"potentialAction\":[{\"@type\":\"ReadAction\",\"target\":[\"https:\/\/pes-ain.fr\/reyrieux\/osteopathe-reyrieux\/\"]}]},{\"@type\":\"BreadcrumbList\",\"@id\":\"https:\/\/pes-ain.fr\/reyrieux\/osteopathe-reyrieux\/#breadcrumb\",\"itemListElement\":[{\"@type\":\"ListItem\",\"position\":1,\"name\":\"Accueil\",\"item\":\"https:\/\/pes-ain.fr\/reyrieux\/\"},{\"@type\":\"ListItem\",\"position\":2,\"name\":\"Ost\u00e9opathe Reyrieux\"}]},{\"@type\":\"WebSite\",\"@id\":\"https:\/\/pes-ain.fr\/reyrieux\/#website\",\"url\":\"https:\/\/pes-ain.fr\/reyrieux\/\",\"name\":\"P\u00f4le Equilibre&amp;Sant\u00e9 de Reyrieux\",\"description\":\"\",\"potentialAction\":[{\"@type\":\"SearchAction\",\"target\":{\"@type\":\"EntryPoint\",\"urlTemplate\":\"https:\/\/pes-ain.fr\/reyrieux\/?s={search_term_string}\"},\"query-input\":\"required name=search_term_string\"}],\"inLanguage\":\"fr-FR\"}]}<\/script>\n<!-- \/ Yoast SEO plugin. -->","yoast_head_json":{"title":"Ost\u00e9opathe Reyrieux - P\u00f4le Equilibre&Sant\u00e9 de l'Ain | Reyrieux","description":"Ost\u00e9opathe Reyrieux : Nicolas Guilland vous accueille dans son cabinet \u00e0 Reyrieux dans l'Ain (01). Il est membre du r\u00e9seau P\u00f4le Equilibre&Sant\u00e9, gage de qualit\u00e9.","robots":{"index":"index","follow":"follow","max-snippet":"max-snippet:-1","max-image-preview":"max-image-preview:large","max-video-preview":"max-video-preview:-1"},"canonical":"https:\/\/pes-ain.fr\/reyrieux\/osteopathe-reyrieux\/","og_locale":"fr_FR","og_type":"article","og_title":"Ost\u00e9opathe Reyrieux - P\u00f4le Equilibre&Sant\u00e9 de l'Ain | Reyrieux","og_description":"Ost\u00e9opathe Reyrieux : Nicolas Guilland vous accueille dans son cabinet \u00e0 Reyrieux dans l'Ain (01). Il est membre du r\u00e9seau P\u00f4le Equilibre&Sant\u00e9, gage de qualit\u00e9.","og_url":"https:\/\/pes-ain.fr\/reyrieux\/osteopathe-reyrieux\/","og_site_name":"P\u00f4le Equilibre&amp;Sant\u00e9 de Reyrieux","article_modified_time":"2017-10-21T12:00:43+00:00","og_image":[{"url":"https:\/\/pes-ain.fr\/reyrieux\/wp-content\/uploads\/sites\/2\/2014\/09\/Isosteo-1024x860.png"}],"twitter_card":"summary_large_image","twitter_misc":{"Dur\u00e9e de lecture estim\u00e9e":"4 minutes"},"schema":{"@context":"https:\/\/schema.org","@graph":[{"@type":"WebPage","@id":"https:\/\/pes-ain.fr\/reyrieux\/osteopathe-reyrieux\/","url":"https:\/\/pes-ain.fr\/reyrieux\/osteopathe-reyrieux\/","name":"Ost\u00e9opathe Reyrieux - P\u00f4le Equilibre&Sant\u00e9 de l'Ain | Reyrieux","isPartOf":{"@id":"https:\/\/pes-ain.fr\/reyrieux\/#website"},"datePublished":"2014-09-04T21:45:33+00:00","dateModified":"2017-10-21T12:00:43+00:00","description":"Ost\u00e9opathe Reyrieux : Nicolas Guilland vous accueille dans son cabinet \u00e0 Reyrieux dans l'Ain (01). Il est membre du r\u00e9seau P\u00f4le Equilibre&Sant\u00e9, gage de qualit\u00e9.","breadcrumb":{"@id":"https:\/\/pes-ain.fr\/reyrieux\/osteopathe-reyrieux\/#breadcrumb"},"inLanguage":"fr-FR","potentialAction":[{"@type":"ReadAction","target":["https:\/\/pes-ain.fr\/reyrieux\/osteopathe-reyrieux\/"]}]},{"@type":"BreadcrumbList","@id":"https:\/\/pes-ain.fr\/reyrieux\/osteopathe-reyrieux\/#breadcrumb","itemListElement":[{"@type":"ListItem","position":1,"name":"Accueil","item":"https:\/\/pes-ain.fr\/reyrieux\/"},{"@type":"ListItem","position":2,"name":"Ost\u00e9opathe Reyrieux"}]},{"@type":"WebSite","@id":"https:\/\/pes-ain.fr\/reyrieux\/#website","url":"https:\/\/pes-ain.fr\/reyrieux\/","name":"P\u00f4le Equilibre&amp;Sant\u00e9 de Reyrieux","description":"","potentialAction":[{"@type":"SearchAction","target":{"@type":"EntryPoint","urlTemplate":"https:\/\/pes-ain.fr\/reyrieux\/?s={search_term_string}"},"query-input":"required name=search_term_string"}],"inLanguage":"fr-FR"}]}},"_links":{"self":[{"href":"https:\/\/pes-ain.fr\/reyrieux\/wp-json\/wp\/v2\/pages\/47"}],"collection":[{"href":"https:\/\/pes-ain.fr\/reyrieux\/wp-json\/wp\/v2\/pages"}],"about":[{"href":"https:\/\/pes-ain.fr\/reyrieux\/wp-json\/wp\/v2\/types\/page"}],"author":[{"embeddable":true,"href":"https:\/\/pes-ain.fr\/reyrieux\/wp-json\/wp\/v2\/users\/1"}],"replies":[{"embeddable":true,"href":"https:\/\/pes-ain.fr\/reyrieux\/wp-json\/wp\/v2\/comments?post=47"}],"version-history":[{"count":1,"href":"https:\/\/pes-ain.fr\/reyrieux\/wp-json\/wp\/v2\/pages\/47\/revisions"}],"predecessor-version":[{"id":113,"href":"https:\/\/pes-ain.fr\/reyrieux\/wp-json\/wp\/v2\/pages\/47\/revisions\/113"}],"wp:attachment":[{"href":"https:\/\/pes-ain.fr\/reyrieux\/wp-json\/wp\/v2\/media?parent=47"}],"curies":[{"name":"wp","href":"https:\/\/api.w.org\/{rel}","templated":true}]}}